{"id":234,"date":"2018-04-24T13:54:58","date_gmt":"2018-04-24T13:54:58","guid":{"rendered":"http:\/\/veggiesommerjena.de\/?page_id=234"},"modified":"2018-05-16T07:01:03","modified_gmt":"2018-05-16T06:01:03","slug":"startseite","status":"publish","type":"page","link":"http:\/\/veggiesommerjena.de\/","title":{"rendered":"Startseite"},"content":{"rendered":"<p><span style=\"font-family: ARIAL; font-size: medium;\"><span style=\"color: #0000ff;\"><strong>Wir machen weiter,<\/strong><\/span>\u00a0nachdem das Event im Jahr 2017 nicht stattfinden konnte, treffen wir uns am 02.06.2018 um 11 Uhr, an gewohnter Stelle, Faulloch, Pulverturm Jena<\/span><br \/>\n<span style=\"font-family: ARIAL; font-size: medium;\"><br \/>\nN\u00e4heres erfahrt Ihr hier und auch auf Facebook.<\/span><\/p>\n<p style=\"text-align: center;\"><a href=\"https:\/\/www.facebook.com\/veggiesommerjena\" target=\"_blank\" rel=\"noopener\">Vegan-Sommer-Jena<\/a><\/p>\n<p><span style=\"font-family: ARIAL; font-size: medium;\">Wir freuen uns, dass eine S\u00e4ngerin aus Berlin zum Vegan-Sommerfest nach Jena kommt.<\/span><br \/>\n<span style=\"font-family: ARIAL; font-size: medium;\">Sie bringt eine tolle Stimme und sch\u00f6ne Musik mit.<\/span><br \/>\n<span style=\"font-family: ARIAL; font-size: medium;\"><br \/>\n<strong>Leonie Mikkie<\/strong>\u00a0&#8211;wird von<strong> 17.00<\/strong> Uhr bis <strong>18.15<\/strong> Uhr f\u00fcr einen wunderbaren Ausklang des Festes sorgen.\u00a0<a href=\"https:\/\/www.facebook.com\/mikkiemusic\/\" target=\"_blank\" rel=\"noopener\">https:\/\/www.facebook.com\/mikkiemusic\/<\/a><\/span><br \/>\n<span style=\"font-family: ARIAL; font-size: medium;\"><br \/>\nEin <strong>herzliches Dankesch\u00f6n<\/strong> an alle <strong>Sponsoren,<\/strong> mit deren Unterst\u00fctzung es uns erst m\u00f6glich wird, das Vegan-Sommerfest zu finanzieren. <\/span><\/p>\n<p style=\"text-align: left;\">Den\u00a0 Flyer zum Programmablauf kann man hier anschauen und runterladen<br \/>\n<a href=\"http:\/\/veggiesommerjena.de\/?attachment_id=483\" rel=\"attachment noopener wp-att-483\">Flyer Vegan Summer 2018 <\/a><\/p>\n<p>&nbsp;<\/p>\n<p><img loading=\"lazy\" class=\"aligncenter wp-image-356 \" src=\"http:\/\/veggiesommerjena.de\/wordpress\/wp-content\/uploads\/2016\/06\/das-M.jpg\" alt=\"das-M\" width=\"394\" height=\"295\" srcset=\"http:\/\/veggiesommerjena.de\/wordpress\/wp-content\/uploads\/2016\/06\/das-M.jpg 1200w, http:\/\/veggiesommerjena.de\/wordpress\/wp-content\/uploads\/2016\/06\/das-M-300x225.jpg 300w, http:\/\/veggiesommerjena.de\/wordpress\/wp-content\/uploads\/2016\/06\/das-M-768x576.jpg 768w, http:\/\/veggiesommerjena.de\/wordpress\/wp-content\/uploads\/2016\/06\/das-M-1024x768.jpg 1024w, http:\/\/veggiesommerjena.de\/wordpress\/wp-content\/uploads\/2016\/06\/das-M-166x124.jpg 166w\" sizes=\"(max-width: 394px) 100vw, 394px\" \/><\/p>\n<div style=\"text-align: center;\">\u00a0&#8211;Bild von 2016 &#8212;<\/div>\n<p><span style=\"font-family: ARIAL; font-size: medium;\"><br \/>\n<span style=\"color: #0000ff;\">Folgende Gruppen und Verkaufsst\u00e4nde nehmen teil<\/span><\/span><\/p>\n<div>\n<table style=\"height: 830px;\" width=\"326\">\n<tbody>\n<tr>\n<td width=\"60\">1<\/td>\n<td width=\"150\">Natur Wunderbar<\/td>\n<\/tr>\n<tr>\n<td>2<\/td>\n<td>Jola Mob.-Imbiss ( afrikanisch )<\/td>\n<\/tr>\n<tr>\n<td>3<\/td>\n<td>Cafe\u2018 Brandenstein<\/td>\n<\/tr>\n<tr>\n<td>4<\/td>\n<td>ARIWA Kaffee + Kuchen<\/td>\n<\/tr>\n<tr>\n<td>5<\/td>\n<td>Leha Schlagfix<\/td>\n<\/tr>\n<tr>\n<td>6<\/td>\n<td>Ringana<\/td>\n<\/tr>\n<tr>\n<td>7<\/td>\n<td>Getr\u00e4nkestand<\/td>\n<\/tr>\n<tr>\n<td>8<\/td>\n<td>Pro Veg<\/td>\n<\/tr>\n<tr>\n<td>9<\/td>\n<td>Schmiauze<\/td>\n<\/tr>\n<tr>\n<td>10<\/td>\n<td>Greenpeace<\/td>\n<\/tr>\n<tr>\n<td>11<\/td>\n<td>Tierbefreier \/ Tierbefreiungsarchiv<\/td>\n<\/tr>\n<tr>\n<td>12<\/td>\n<td>Albert Schweitzer<\/td>\n<\/tr>\n<tr>\n<td>13<\/td>\n<td>ARIWA \/ \u00c4gT<\/td>\n<\/tr>\n<tr>\n<td>14<\/td>\n<td>Animal\u2018s Angel<\/td>\n<\/tr>\n<tr>\n<td>15<\/td>\n<td>Sea Shephert<\/td>\n<\/tr>\n<tr>\n<td>16<\/td>\n<td>Ringana Naturkosmetik<\/td>\n<\/tr>\n<tr>\n<td>17<\/td>\n<td>Tierschutzverein Jena<\/td>\n<\/tr>\n<tr>\n<td>18<\/td>\n<td>Nordic Ballance<\/td>\n<\/tr>\n<tr>\n<td>19<\/td>\n<td>T\u00f6pferfee<\/td>\n<\/tr>\n<tr>\n<td>20<\/td>\n<td>Tierheim Jena<\/td>\n<\/tr>\n<tr>\n<td>21<\/td>\n<td>Rettet das Huhn<\/td>\n<\/tr>\n<tr>\n<td>22<\/td>\n<td>Peta2<\/td>\n<\/tr>\n<\/tbody>\n<\/table>\n<\/div>\n<p>&nbsp;<\/p>\n<div><\/div>\n<div>\n<p><span style=\"color: #0000ff;\"> unsere Sponsoren <\/span><\/p>\n<table style=\"height: 1411px;\" width=\"739\">\n<tbody>\n<tr>\n<td width=\"199\"><strong>Sponsor<\/strong><\/td>\n<td width=\"240\"><strong>Internetadresse\u00a0<\/strong><\/td>\n<td width=\"240\"><strong>Logo (Klick)<\/strong><\/td>\n<\/tr>\n<tr>\n<td width=\"199\"><span style=\"color: #0000ff;\">Boutique Vegan<\/span><\/td>\n<td width=\"240\"><a href=\"https:\/\/www.boutique-vegan.com\/de\" target=\"_blank\" rel=\"noopener\">https:\/\/www.boutique-<\/a><\/td>\n<td width=\"240\">\u00a0<a href=\"https:\/\/www.boutique-vegan.com\/de\/\" target=\"_blank\" rel=\"noopener\"><img loading=\"lazy\" class=\"aligncenter\" src=\"https:\/\/www.boutique-vegan.com\/media\/vector\/0d\/35\/8e\/boutiquevegan-logoj2kqDfKLxEuWK.svg\" alt=\"Boutiquevegan\" width=\"150\" height=\"150\" \/><\/a><\/td>\n<\/tr>\n<tr>\n<td width=\"199\"><span style=\"color: #0000ff;\">iChoc &#8211; vegan chocolate<\/span><\/td>\n<td width=\"240\"><a href=\"http:\/\/ichoc.de\/\" target=\"_blank\" rel=\"noopener\">http:\/\/ichoc.de<\/a><\/td>\n<td width=\"240\">\u00a0<a href=\"http:\/\/ichoc.de\/\" target=\"_blank\" rel=\"noopener\"><img loading=\"lazy\" class=\"aligncenter\" src=\"http:\/\/ichoc.de\/wp-content\/uploads\/2014\/12\/iChoc_Logo.png\" alt=\"Vegane Schokolade\" width=\"213\" height=\"124\" \/><\/a><\/td>\n<\/tr>\n<tr>\n<td width=\"199\"><span style=\"color: #0000ff;\">Gut Wudelstein<\/span><\/td>\n<td width=\"240\"><a href=\"https:\/\/www.gut-wudelstein.de\/\" target=\"_blank\" rel=\"noopener\">https:\/\/www.gut-wudelstein.de<\/a><\/td>\n<td width=\"240\">\u00a0<a href=\"https:\/\/www.gut-wudelstein.de\/produkte\" target=\"_blank\" rel=\"noopener\"><img loading=\"lazy\" class=\"aligncenter\" src=\"https:\/\/www.gut-wudelstein.de\/Content\/GutWudelstein\/images\/style\/logo.svg\" alt=\"Vegane Lebensmittel\" width=\"198\" height=\"170\" \/><\/a><\/td>\n<\/tr>\n<tr>\n<td width=\"199\"><span style=\"color: #0000ff;\">i+m Naturkosmetik<\/span><\/td>\n<td width=\"240\"><a href=\"https:\/\/www.iplusm.berlin\/\" target=\"_blank\" rel=\"noopener\">https:\/\/www.iplusm.berlin<\/a><\/td>\n<td width=\"240\">\u00a0<a href=\"https:\/\/www.iplusm.berlin\/shop\/\" target=\"_blank\" rel=\"attachment noopener wp-att-406\"><img loading=\"lazy\" class=\"aligncenter wp-image-406 size-full\" src=\"http:\/\/veggiesommerjena.de\/wordpress\/wp-content\/uploads\/2018\/04\/naturkosmedik.jpg\" alt=\"Naturkosmetik\" width=\"202\" height=\"66\" \/><\/a><\/td>\n<\/tr>\n<tr>\n<td width=\"199\"><span style=\"color: #0000ff;\">PureRaw<\/span><\/td>\n<td width=\"240\"><a href=\"http:\/\/www.pureraw.de\/\" target=\"_blank\" rel=\"noopener\">http:\/\/www.pureraw.de<\/a><\/td>\n<td width=\"240\">\u00a0<a href=\"http:\/\/www.pureraw.de\/\" target=\"_blank\" rel=\"noopener\"><img loading=\"lazy\" class=\"aligncenter\" src=\"http:\/\/www.pureraw.de\/skin\/frontend\/base\/default\/images\/PureRaw_Logo_2013_quer.png\" alt=\"Roh Vegan\" width=\"600\" height=\"151\" \/><\/a><\/td>\n<\/tr>\n<tr>\n<td width=\"199\"><span style=\"color: #0000ff;\">Rapunzel<\/span> <span style=\"color: #0000ff;\">Naturkost<\/span><\/td>\n<td width=\"240\"><a href=\"https:\/\/www.rapunzel.de\/\">https:\/\/www.rapunzel.de<\/a><\/td>\n<td width=\"240\">\u00a0<a href=\"https:\/\/www.rapunzel.de\/\" target=\"_blank\" rel=\"noopener\"><img loading=\"lazy\" class=\"aligncenter\" src=\"https:\/\/www.rapunzel.de\/design\/logo-rapunzel-naturkost-legau.png\" alt=\"Rapunzel\" width=\"220\" height=\"85\" \/><\/a><\/td>\n<\/tr>\n<tr>\n<td width=\"199\"><span style=\"color: #0000ff;\">Smilefood<\/span><\/td>\n<td width=\"240\"><a href=\"http:\/\/www.smilefood.de\/\">http:\/\/www.smilefood.de<\/a><\/td>\n<td width=\"240\">\u00a0<a href=\"http:\/\/www.smilefood.de\/\" target=\"_blank\" rel=\"attachment noopener wp-att-411\"><img loading=\"lazy\" class=\"aligncenter wp-image-411 size-full\" src=\"http:\/\/veggiesommerjena.de\/wordpress\/wp-content\/uploads\/2018\/04\/smmilefood.jpg\" alt=\"Smilfoos vegan und gut\" width=\"287\" height=\"99\" \/><\/a><\/td>\n<\/tr>\n<tr>\n<td width=\"199\"><span style=\"color: #0000ff;\">Sonett GmbH<\/span><\/td>\n<td width=\"240\"><a href=\"http:\/\/www.sonett.eu\/\" target=\"_blank\" rel=\"noopener\">www.sonett.eu<\/a><\/td>\n<td width=\"240\">\u00a0<a href=\"https:\/\/www.sonett.eu\/\" target=\"_blank\" rel=\"noopener\"><img loading=\"lazy\" class=\"aligncenter\" src=\"https:\/\/www.sonett.eu\/fileadmin\/templates\/main\/styles\/elements\/sonett_logo.png\" alt=\"Sonett \u00f6kologische Produkte\" width=\"900\" height=\"223\" \/><\/a><\/td>\n<\/tr>\n<tr>\n<td width=\"199\"><span style=\"color: #0000ff;\">Veggy Friends<\/span><\/td>\n<td width=\"240\"><a href=\"http:\/\/www.veggyfriends.de\/\" target=\"_blank\" rel=\"noopener\">http:\/\/www.veggyfriends.de<\/a><\/td>\n<td width=\"240\">\u00a0<a href=\"http:\/\/www.veggyfriends.de\/\" target=\"_blank\" rel=\"noopener\"><img loading=\"lazy\" class=\"aligncenter\" src=\"http:\/\/www.veggyfriends.de\/wp-content\/uploads\/2016\/12\/home-logo.png\" alt=\"Vegane Nahrungsmittel\" width=\"168\" height=\"200\" \/><\/a><\/td>\n<\/tr>\n<tr>\n<td width=\"199\"><span style=\"color: #0000ff;\">Vivani finest chocolate<\/span><\/td>\n<td width=\"240\"><a href=\"http:\/\/www.vivani-schokolade.de\/\" target=\"_blank\" rel=\"noopener\">http:\/\/www.vivani-<\/a><\/td>\n<td width=\"240\"><a href=\"http:\/\/www.vivani-schokolade.de\/\" target=\"_blank\" rel=\"noopener\"><img loading=\"lazy\" class=\"aligncenter\" src=\"http:\/\/www.vivani-schokolade.de\/Bilder\/VIVANI_Logo_TheArtOfChocolate_360px.gif\" alt=\"ViVANI Art of Chocolate \" width=\"360\" height=\"135\" \/><\/a><\/td>\n<\/tr>\n<tr>\n<td width=\"199\"><span style=\"color: #0000ff;\">Vitam Hefe-Produkt Gmbh<\/span><\/td>\n<td width=\"240\"><a href=\"http:\/\/www.vitam.de\/\" target=\"_blank\" rel=\"noopener\">http:\/\/www.vitam.de<\/a><\/td>\n<td width=\"240\"><a href=\"http:\/\/www.vitam.de\/startseite.html\" target=\"_blank\" rel=\"attachment noopener wp-att-414\"><img loading=\"lazy\" class=\"aligncenter wp-image-414 size-full\" src=\"http:\/\/veggiesommerjena.de\/wordpress\/wp-content\/uploads\/2018\/04\/Vitam.jpg\" alt=\"Vitam Hefe Produkte Vegan\" width=\"185\" height=\"90\" \/><\/a><\/td>\n<\/tr>\n<tr>\n<td width=\"199\"><span style=\"color: #0000ff;\">Wilmersburger<\/span><\/td>\n<td width=\"240\"><a href=\"https:\/\/www.wilmersburger.de\/\" target=\"_blank\" rel=\"noopener\">https:\/\/www.wilmersburger.de<\/a><\/td>\n<td width=\"240\"><a href=\"https:\/\/www.wilmersburger.de\/\" target=\"_blank\" rel=\"noopener\"><img loading=\"lazy\" class=\"aligncenter\" src=\"https:\/\/www.wilmersburger.de\/Content\/Wilmersburger\/images\/style\/logo.svg\" alt=\"Veganer K\u00e4se\" width=\"570\" height=\"488\" \/><\/a><\/td>\n<\/tr>\n<tr>\n<td width=\"199\"><span style=\"color: #0000ff;\">roots of compassion<\/span><\/td>\n<td width=\"240\"><a href=\"https:\/\/www.wilmersburger.de\/\" target=\"_blank\" rel=\"noopener\">https:\/\/www.rootsofcompassion.org<\/a><\/td>\n<td width=\"240\"><a href=\"https:\/\/www.rootsofcompassion.org\/\" target=\"_blank\" rel=\"attachment noopener wp-att-452\"><img loading=\"lazy\" class=\"alignnone wp-image-452 size-full\" title=\"vegane Kleidung und mehr\" src=\"http:\/\/veggiesommerjena.de\/wordpress\/wp-content\/uploads\/2018\/04\/rootsofcompassion.jpg\" alt=\"root of compassion\" width=\"165\" height=\"70\" \/><\/a><\/td>\n<\/tr>\n<tr>\n<td width=\"199\"><span style=\"color: #0000ff;\">Beate und Ricardo<\/span><\/td>\n<td width=\"240\">private Spender<\/td>\n<td width=\"240\"><\/td>\n<\/tr>\n<\/tbody>\n<\/table>\n<\/div>\n<div><\/div>\n<div><\/div>\n<div><\/div>\n<div>\n<p>&nbsp;<\/p>\n<\/div>\n<div>\n<p style=\"text-align: center;\"><strong><span style=\"font-family: ARIAL; font-size: medium;\">Email\u00a0\u00a0 <strong><a href=\"mailto:info@veggiesommerjena.de\">info@veggiesommerjena.de<\/a><\/strong><\/span><\/strong><\/p>\n<p style=\"text-align: center;\">oder \u00fcber Facebook<\/p>\n<\/div>\n<p style=\"text-align: center;\"><a href=\"https:\/\/www.facebook.com\/veggiesommerjena\" target=\"_blank\" rel=\"noopener\">Vegan-Sommer-Jena<\/a><\/p>\n","protected":false},"excerpt":{"rendered":"<p>Wir machen weiter,\u00a0nachdem das Event im Jahr 2017 nicht stattfinden konnte, treffen wir uns am 02.06.2018 um 11 Uhr, an gewohnter Stelle, Faulloch, Pulverturm Jena N\u00e4heres erfahrt Ihr hier und auch auf Facebook. Vegan-Sommer-Jena Wir freuen uns, dass eine S\u00e4ngerin aus Berlin zum Vegan-Sommerfest nach Jena kommt. Sie bringt eine tolle Stimme und sch\u00f6ne Musik [&hellip;]<\/p>\n","protected":false},"author":1,"featured_media":0,"parent":0,"menu_order":1,"comment_status":"closed","ping_status":"closed","template":"","meta":[],"_links":{"self":[{"href":"http:\/\/veggiesommerjena.de\/index.php?rest_route=\/wp\/v2\/pages\/234"}],"collection":[{"href":"http:\/\/veggiesommerjena.de\/index.php?rest_route=\/wp\/v2\/pages"}],"about":[{"href":"http:\/\/veggiesommerjena.de\/index.php?rest_route=\/wp\/v2\/types\/page"}],"author":[{"embeddable":true,"href":"http:\/\/veggiesommerjena.de\/index.php?rest_route=\/wp\/v2\/users\/1"}],"replies":[{"embeddable":true,"href":"http:\/\/veggiesommerjena.de\/index.php?rest_route=%2Fwp%2Fv2%2Fcomments&post=234"}],"version-history":[{"count":165,"href":"http:\/\/veggiesommerjena.de\/index.php?rest_route=\/wp\/v2\/pages\/234\/revisions"}],"predecessor-version":[{"id":498,"href":"http:\/\/veggiesommerjena.de\/index.php?rest_route=\/wp\/v2\/pages\/234\/revisions\/498"}],"wp:attachment":[{"href":"http:\/\/veggiesommerjena.de\/index.php?rest_route=%2Fwp%2Fv2%2Fmedia&parent=234"}],"curies":[{"name":"wp","href":"https:\/\/api.w.org\/{rel}","templated":true}]}}